{"id":1873,"date":"2024-12-22T13:44:23","date_gmt":"2024-12-22T12:44:23","guid":{"rendered":"https:\/\/www.bijoux-pierres-et-bien-etre.com\/?page_id=1873"},"modified":"2024-12-22T13:44:24","modified_gmt":"2024-12-22T12:44:24","slug":"creations-malitho","status":"publish","type":"page","link":"https:\/\/www.bijoux-pierres-et-bien-etre.com\/?page_id=1873","title":{"rendered":"Cr\u00e9ations \u00ab\u00a0MaLitho\u00a0\u00bb"},"content":{"rendered":"\n<p>D\u00e9couvrez sur cette page les bijoux faits soigneusement et artisanalement \u00e0 la main sur mesures cr\u00e9ations \u00ab MaLitho \u00bb de chez Bijoux, pierres et bien-\u00eatre en pierres, min\u00e9raux et perles fines 100% naturelles. D\u00e9couvrez \u00e9galement les bijoux pr\u00eat \u00e0 porter.<br>N\u2019h\u00e9sitez pas \u00e0 me contacter uniquement par t\u00e9l\u00e9phone (voir contact) si vous souhaitez que je vous cr\u00e9e un mod\u00e8le unique suivant vos besoins, accompagner un bijou ou si vous souhaitez un mod\u00e8le sur le site dans une autre vari\u00e9t\u00e9 de pierres qui ne figure pas sur le site. J\u2019ai un grand choix de perles en magasin ou de bijoux d\u00e9j\u00e0 cr\u00e9\u00e9s qui pourraient peut-\u00eatre vous corresponde. Possibilit\u00e9 de visio ou d\u2019envoi de photos pour la cr\u00e9ation de votre bijou et le choix des perles.<\/p>\n\n\n\n<p><\/p>\n\n\n\n<div class=\"wp-block-columns is-layout-flex wp-container-core-columns-is-layout-9d6595d7 wp-block-columns-is-layout-flex\">\n<div class=\"wp-block-column is-layout-flow wp-block-column-is-layout-flow\">\n<div class=\"wp-block-cover\"><span aria-hidden=\"true\" class=\"wp-block-cover__background has-background-dim\"><\/span><img fetchpriority=\"high\" decoding=\"async\" width=\"975\" height=\"1024\" class=\"wp-block-cover__image-background wp-image-1780\" alt=\"\" src=\"https:\/\/www.bijoux-pierres-et-bien-etre.com\/wp-content\/uploads\/2024\/06\/Resized_bracelet_bijou_pierre_mineraux_et_bien_etre_bijoux_pierres_magasin_boutique_albert_somm-975x1024.jpg\" data-object-fit=\"cover\" srcset=\"https:\/\/www.bijoux-pierres-et-bien-etre.com\/wp-content\/uploads\/2024\/06\/Resized_bracelet_bijou_pierre_mineraux_et_bien_etre_bijoux_pierres_magasin_boutique_albert_somm-975x1024.jpg 975w, https:\/\/www.bijoux-pierres-et-bien-etre.com\/wp-content\/uploads\/2024\/06\/Resized_bracelet_bijou_pierre_mineraux_et_bien_etre_bijoux_pierres_magasin_boutique_albert_somm-600x630.jpg 600w, https:\/\/www.bijoux-pierres-et-bien-etre.com\/wp-content\/uploads\/2024\/06\/Resized_bracelet_bijou_pierre_mineraux_et_bien_etre_bijoux_pierres_magasin_boutique_albert_somm-286x300.jpg 286w, https:\/\/www.bijoux-pierres-et-bien-etre.com\/wp-content\/uploads\/2024\/06\/Resized_bracelet_bijou_pierre_mineraux_et_bien_etre_bijoux_pierres_magasin_boutique_albert_somm-768x807.jpg 768w, https:\/\/www.bijoux-pierres-et-bien-etre.com\/wp-content\/uploads\/2024\/06\/Resized_bracelet_bijou_pierre_mineraux_et_bien_etre_bijoux_pierres_magasin_boutique_albert_somm.jpg 1072w\" sizes=\"(max-width: 975px) 100vw, 975px\" \/><div class=\"wp-block-cover__inner-container is-layout-flow wp-block-cover-is-layout-flow\">\n<p class=\"has-text-align-center has-large-font-size\"><strong><a href=\"https:\/\/www.bijoux-pierres-et-bien-etre.com\/?product_cat=bracelets-creations-sur-mesure-malitho-bijoux-pierres-et-bien-etre\">Bracelets<\/a><\/strong><\/p>\n<\/div><\/div>\n<\/div>\n\n\n\n<div class=\"wp-block-column is-layout-flow wp-block-column-is-layout-flow\">\n<div class=\"wp-block-cover\"><span aria-hidden=\"true\" class=\"wp-block-cover__background has-background-dim\"><\/span><img decoding=\"async\" width=\"844\" height=\"1024\" class=\"wp-block-cover__image-background wp-image-644\" alt=\"\" src=\"https:\/\/www.bijoux-pierres-et-bien-etre.com\/wp-content\/uploads\/2021\/06\/collier-creations-MaLitho-en-magnetite-oeil-de-tigre-et-hematite-aimantee-de-chez-Bijoux-pierres-et-bien-etre.jpg\" data-object-fit=\"cover\" srcset=\"https:\/\/www.bijoux-pierres-et-bien-etre.com\/wp-content\/uploads\/2021\/06\/collier-creations-MaLitho-en-magnetite-oeil-de-tigre-et-hematite-aimantee-de-chez-Bijoux-pierres-et-bien-etre.jpg 844w, https:\/\/www.bijoux-pierres-et-bien-etre.com\/wp-content\/uploads\/2021\/06\/collier-creations-MaLitho-en-magnetite-oeil-de-tigre-et-hematite-aimantee-de-chez-Bijoux-pierres-et-bien-etre-600x728.jpg 600w, https:\/\/www.bijoux-pierres-et-bien-etre.com\/wp-content\/uploads\/2021\/06\/collier-creations-MaLitho-en-magnetite-oeil-de-tigre-et-hematite-aimantee-de-chez-Bijoux-pierres-et-bien-etre-247x300.jpg 247w, https:\/\/www.bijoux-pierres-et-bien-etre.com\/wp-content\/uploads\/2021\/06\/collier-creations-MaLitho-en-magnetite-oeil-de-tigre-et-hematite-aimantee-de-chez-Bijoux-pierres-et-bien-etre-768x932.jpg 768w, https:\/\/www.bijoux-pierres-et-bien-etre.com\/wp-content\/uploads\/2021\/06\/collier-creations-MaLitho-en-magnetite-oeil-de-tigre-et-hematite-aimantee-de-chez-Bijoux-pierres-et-bien-etre-416x505.jpg 416w\" sizes=\"(max-width: 844px) 100vw, 844px\" \/><div class=\"wp-block-cover__inner-container is-layout-flow wp-block-cover-is-layout-flow\">\n<p class=\"has-text-align-center has-large-font-size\"><a href=\"https:\/\/www.bijoux-pierres-et-bien-etre.com\/?product_cat=bijoux-creations-sur-mesure-malitho-de-chez-bijoux-pierres-et-bien-etre\"><strong>Bijoux \u00ab\u00a0Chance et Protection\u00a0\u00bb<\/strong><\/a><\/p>\n<\/div><\/div>\n<\/div>\n\n\n\n<div class=\"wp-block-column is-layout-flow wp-block-column-is-layout-flow\">\n<div class=\"wp-block-cover\"><span aria-hidden=\"true\" class=\"wp-block-cover__background has-background-dim\"><\/span><img decoding=\"async\" width=\"837\" height=\"1024\" class=\"wp-block-cover__image-background wp-image-1058\" alt=\"\" src=\"https:\/\/www.bijoux-pierres-et-bien-etre.com\/wp-content\/uploads\/2021\/08\/Pendentif_ange_spinelle_noir_bijou_pierre_mineraux_et_bien_etre_bijoux_pierres_magasin_boutique_albert_somme_picardie--837x1024.jpg\" data-object-fit=\"cover\" srcset=\"https:\/\/www.bijoux-pierres-et-bien-etre.com\/wp-content\/uploads\/2021\/08\/Pendentif_ange_spinelle_noir_bijou_pierre_mineraux_et_bien_etre_bijoux_pierres_magasin_boutique_albert_somme_picardie--837x1024.jpg 837w, https:\/\/www.bijoux-pierres-et-bien-etre.com\/wp-content\/uploads\/2021\/08\/Pendentif_ange_spinelle_noir_bijou_pierre_mineraux_et_bien_etre_bijoux_pierres_magasin_boutique_albert_somme_picardie--scaled-600x734.jpg 600w, https:\/\/www.bijoux-pierres-et-bien-etre.com\/wp-content\/uploads\/2021\/08\/Pendentif_ange_spinelle_noir_bijou_pierre_mineraux_et_bien_etre_bijoux_pierres_magasin_boutique_albert_somme_picardie--245x300.jpg 245w, https:\/\/www.bijoux-pierres-et-bien-etre.com\/wp-content\/uploads\/2021\/08\/Pendentif_ange_spinelle_noir_bijou_pierre_mineraux_et_bien_etre_bijoux_pierres_magasin_boutique_albert_somme_picardie--768x940.jpg 768w, https:\/\/www.bijoux-pierres-et-bien-etre.com\/wp-content\/uploads\/2021\/08\/Pendentif_ange_spinelle_noir_bijou_pierre_mineraux_et_bien_etre_bijoux_pierres_magasin_boutique_albert_somme_picardie--1255x1536.jpg 1255w, https:\/\/www.bijoux-pierres-et-bien-etre.com\/wp-content\/uploads\/2021\/08\/Pendentif_ange_spinelle_noir_bijou_pierre_mineraux_et_bien_etre_bijoux_pierres_magasin_boutique_albert_somme_picardie--1674x2048.jpg 1674w, https:\/\/www.bijoux-pierres-et-bien-etre.com\/wp-content\/uploads\/2021\/08\/Pendentif_ange_spinelle_noir_bijou_pierre_mineraux_et_bien_etre_bijoux_pierres_magasin_boutique_albert_somme_picardie--416x509.jpg 416w\" sizes=\"(max-width: 837px) 100vw, 837px\" \/><div class=\"wp-block-cover__inner-container is-layout-flow wp-block-cover-is-layout-flow\">\n<p class=\"has-text-align-center has-large-font-size\"><strong><a href=\"https:\/\/www.bijoux-pierres-et-bien-etre.com\/?product_cat=pendentifs-creations-malitho-de-chez-bijoux-pierres-et-bien-etre\">Pendentifs<\/a><\/strong><\/p>\n<\/div><\/div>\n<\/div>\n<\/div>\n\n\n\n<div class=\"wp-block-columns is-layout-flex wp-container-core-columns-is-layout-9d6595d7 wp-block-columns-is-layout-flex\">\n<div class=\"wp-block-column is-layout-flow wp-block-column-is-layout-flow\">\n<div class=\"wp-block-cover\"><span aria-hidden=\"true\" class=\"wp-block-cover__background has-background-dim\"><\/span><img loading=\"lazy\" decoding=\"async\" width=\"852\" height=\"1024\" class=\"wp-block-cover__image-background wp-image-346\" alt=\"\" src=\"https:\/\/www.bijoux-pierres-et-bien-etre.com\/wp-content\/uploads\/2021\/04\/Lumii_20210427_234942159-852x1024.jpg\" data-object-fit=\"cover\" srcset=\"https:\/\/www.bijoux-pierres-et-bien-etre.com\/wp-content\/uploads\/2021\/04\/Lumii_20210427_234942159-852x1024.jpg 852w, https:\/\/www.bijoux-pierres-et-bien-etre.com\/wp-content\/uploads\/2021\/04\/Lumii_20210427_234942159-scaled-600x721.jpg 600w, https:\/\/www.bijoux-pierres-et-bien-etre.com\/wp-content\/uploads\/2021\/04\/Lumii_20210427_234942159-250x300.jpg 250w, https:\/\/www.bijoux-pierres-et-bien-etre.com\/wp-content\/uploads\/2021\/04\/Lumii_20210427_234942159-768x923.jpg 768w, https:\/\/www.bijoux-pierres-et-bien-etre.com\/wp-content\/uploads\/2021\/04\/Lumii_20210427_234942159-1278x1536.jpg 1278w, https:\/\/www.bijoux-pierres-et-bien-etre.com\/wp-content\/uploads\/2021\/04\/Lumii_20210427_234942159-1704x2048.jpg 1704w, https:\/\/www.bijoux-pierres-et-bien-etre.com\/wp-content\/uploads\/2021\/04\/Lumii_20210427_234942159-416x500.jpg 416w\" sizes=\"(max-width: 852px) 100vw, 852px\" \/><div class=\"wp-block-cover__inner-container is-layout-flow wp-block-cover-is-layout-flow\">\n<p class=\"has-text-align-center has-large-font-size\"><strong><a href=\"https:\/\/www.bijoux-pierres-et-bien-etre.com\/?product_cat=anges-personnalises-creations-malitho-faits-artisanalement-a-la-main-en-pierres-naturelles\">Anges \u00e0 personnaliser<\/a><\/strong><\/p>\n<\/div><\/div>\n<\/div>\n\n\n\n<div class=\"wp-block-column is-layout-flow wp-block-column-is-layout-flow\">\n<div class=\"wp-block-cover\"><span aria-hidden=\"true\" class=\"wp-block-cover__background has-background-dim\"><\/span><img loading=\"lazy\" decoding=\"async\" width=\"1024\" height=\"1021\" class=\"wp-block-cover__image-background wp-image-1825\" alt=\"\" src=\"https:\/\/www.bijoux-pierres-et-bien-etre.com\/wp-content\/uploads\/2024\/10\/Lumii_20241016_171743456-1024x1021.jpg\" data-object-fit=\"cover\" srcset=\"https:\/\/www.bijoux-pierres-et-bien-etre.com\/wp-content\/uploads\/2024\/10\/Lumii_20241016_171743456-1024x1021.jpg 1024w, https:\/\/www.bijoux-pierres-et-bien-etre.com\/wp-content\/uploads\/2024\/10\/Lumii_20241016_171743456-300x300.jpg 300w, https:\/\/www.bijoux-pierres-et-bien-etre.com\/wp-content\/uploads\/2024\/10\/Lumii_20241016_171743456-100x100.jpg 100w, https:\/\/www.bijoux-pierres-et-bien-etre.com\/wp-content\/uploads\/2024\/10\/Lumii_20241016_171743456-600x598.jpg 600w, https:\/\/www.bijoux-pierres-et-bien-etre.com\/wp-content\/uploads\/2024\/10\/Lumii_20241016_171743456-150x150.jpg 150w, https:\/\/www.bijoux-pierres-et-bien-etre.com\/wp-content\/uploads\/2024\/10\/Lumii_20241016_171743456-768x766.jpg 768w, https:\/\/www.bijoux-pierres-et-bien-etre.com\/wp-content\/uploads\/2024\/10\/Lumii_20241016_171743456-1536x1531.jpg 1536w, https:\/\/www.bijoux-pierres-et-bien-etre.com\/wp-content\/uploads\/2024\/10\/Lumii_20241016_171743456-2048x2042.jpg 2048w\" sizes=\"(max-width: 1024px) 100vw, 1024px\" \/><div class=\"wp-block-cover__inner-container is-layout-flow wp-block-cover-is-layout-flow\">\n<p class=\"has-text-align-center has-large-font-size\"><strong><a href=\"https:\/\/www.bijoux-pierres-et-bien-etre.com\/?product_cat=boucles-doreilles-creations-malitho\">Boucles d&rsquo;oreilles<\/a><\/strong><\/p>\n<\/div><\/div>\n<\/div>\n\n\n\n<div class=\"wp-block-column is-layout-flow wp-block-column-is-layout-flow\">\n<div class=\"wp-block-cover\"><span aria-hidden=\"true\" class=\"wp-block-cover__background has-background-dim\"><\/span><img loading=\"lazy\" decoding=\"async\" width=\"768\" height=\"1024\" class=\"wp-block-cover__image-background wp-image-72\" alt=\"Collier haute protection chance et douleurs\" src=\"https:\/\/www.bijoux-pierres-et-bien-etre.com\/wp-content\/uploads\/2021\/03\/20210311_160028-768x1024.jpg\" data-object-fit=\"cover\" srcset=\"https:\/\/www.bijoux-pierres-et-bien-etre.com\/wp-content\/uploads\/2021\/03\/20210311_160028-768x1024.jpg 768w, https:\/\/www.bijoux-pierres-et-bien-etre.com\/wp-content\/uploads\/2021\/03\/20210311_160028-scaled-416x555.jpg 416w, https:\/\/www.bijoux-pierres-et-bien-etre.com\/wp-content\/uploads\/2021\/03\/20210311_160028-225x300.jpg 225w, https:\/\/www.bijoux-pierres-et-bien-etre.com\/wp-content\/uploads\/2021\/03\/20210311_160028-1152x1536.jpg 1152w, https:\/\/www.bijoux-pierres-et-bien-etre.com\/wp-content\/uploads\/2021\/03\/20210311_160028-1536x2048.jpg 1536w, https:\/\/www.bijoux-pierres-et-bien-etre.com\/wp-content\/uploads\/2021\/03\/20210311_160028-scaled.jpg 1920w\" sizes=\"(max-width: 768px) 100vw, 768px\" \/><div class=\"wp-block-cover__inner-container is-layout-flow wp-block-cover-is-layout-flow\">\n<p class=\"has-text-align-center has-large-font-size\"><strong><a href=\"https:\/\/www.bijoux-pierres-et-bien-etre.com\/?product_cat=colliers-creations-sur-mesure-malitho-faits-artisanalement-a-la-main\">Colliers<\/a><\/strong><\/p>\n<\/div><\/div>\n<\/div>\n<\/div>\n\n\n\n<div class=\"wp-block-columns is-layout-flex wp-container-core-columns-is-layout-9d6595d7 wp-block-columns-is-layout-flex\">\n<div class=\"wp-block-column is-layout-flow wp-block-column-is-layout-flow\" style=\"flex-basis:25%\"><\/div>\n\n\n\n<div class=\"wp-block-column is-layout-flow wp-block-column-is-layout-flow\" style=\"flex-basis:50%\">\n<div class=\"wp-block-cover\"><span aria-hidden=\"true\" class=\"wp-block-cover__background has-background-dim\"><\/span><img loading=\"lazy\" decoding=\"async\" width=\"1024\" height=\"768\" class=\"wp-block-cover__image-background wp-image-1874\" alt=\"\" src=\"https:\/\/www.bijoux-pierres-et-bien-etre.com\/wp-content\/uploads\/2024\/12\/bijoux-spirituels.png\" data-object-fit=\"cover\" srcset=\"https:\/\/www.bijoux-pierres-et-bien-etre.com\/wp-content\/uploads\/2024\/12\/bijoux-spirituels.png 1024w, https:\/\/www.bijoux-pierres-et-bien-etre.com\/wp-content\/uploads\/2024\/12\/bijoux-spirituels-600x450.png 600w, https:\/\/www.bijoux-pierres-et-bien-etre.com\/wp-content\/uploads\/2024\/12\/bijoux-spirituels-300x225.png 300w, https:\/\/www.bijoux-pierres-et-bien-etre.com\/wp-content\/uploads\/2024\/12\/bijoux-spirituels-768x576.png 768w\" sizes=\"(max-width: 1024px) 100vw, 1024px\" \/><div class=\"wp-block-cover__inner-container is-layout-flow wp-block-cover-is-layout-flow\">\n<p class=\"has-text-align-center has-large-font-size\"><strong><a href=\"https:\/\/www.bijoux-pierres-et-bien-etre.com\/?product_cat=bijoux-spirituels-creation-malitho-de-chez-bijoux-pierres-et-bien-etre\">Bijoux spirituels<\/a><\/strong><\/p>\n<\/div><\/div>\n<\/div>\n\n\n\n<div class=\"wp-block-column is-layout-flow wp-block-column-is-layout-flow\" style=\"flex-basis:25%\"><\/div>\n<\/div>\n","protected":false},"excerpt":{"rendered":"<p>D\u00e9couvrez sur cette page les bijoux faits soigneusement et artisanalement \u00e0 la main sur mesures cr\u00e9ations \u00ab MaLitho \u00bb de chez Bijoux, pierres et bien-\u00eatre en pierres, min\u00e9raux et perles fines 100% naturelles. D\u00e9couvrez \u00e9galement les bijoux pr\u00eat \u00e0 porter.N\u2019h\u00e9sitez pas \u00e0 me contacter uniquement par t\u00e9l\u00e9phone (voir contact) si vous souhaitez que je vous cr\u00e9e un mod\u00e8le unique suivant [&hellip;]<\/p>\n","protected":false},"author":1,"featured_media":0,"parent":0,"menu_order":0,"comment_status":"closed","ping_status":"closed","template":"","meta":{"footnotes":""},"class_list":["post-1873","page","type-page","status-publish","hentry"],"yoast_head":"<!-- This site is optimized with the Yoast SEO plugin v27.5 - https:\/\/yoast.com\/product\/yoast-seo-wordpress\/ -->\n<title>Cr\u00e9ations &quot;MaLitho&quot; -<\/title>\n<meta name=\"robots\" content=\"index, follow, max-snippet:-1, max-image-preview:large, max-video-preview:-1\" \/>\n<link rel=\"canonical\" href=\"https:\/\/www.bijoux-pierres-et-bien-etre.com\/?page_id=1873\" \/>\n<meta property=\"og:locale\" content=\"fr_FR\" \/>\n<meta property=\"og:type\" content=\"article\" \/>\n<meta property=\"og:title\" content=\"Cr\u00e9ations &quot;MaLitho&quot; -\" \/>\n<meta property=\"og:description\" content=\"D\u00e9couvrez sur cette page les bijoux faits soigneusement et artisanalement \u00e0 la main sur mesures cr\u00e9ations \u00ab MaLitho \u00bb de chez Bijoux, pierres et bien-\u00eatre en pierres, min\u00e9raux et perles fines 100% naturelles. D\u00e9couvrez \u00e9galement les bijoux pr\u00eat \u00e0 porter.N\u2019h\u00e9sitez pas \u00e0 me contacter uniquement par t\u00e9l\u00e9phone (voir contact) si vous souhaitez que je vous cr\u00e9e un mod\u00e8le unique suivant [&hellip;]\" \/>\n<meta property=\"og:url\" content=\"https:\/\/www.bijoux-pierres-et-bien-etre.com\/?page_id=1873\" \/>\n<meta property=\"article:publisher\" content=\"https:\/\/www.facebook.com\/people\/Crations-MaLitho-de-chez-Bijoux-pierres-et-bien-tre\/100063194591855\/\" \/>\n<meta property=\"article:modified_time\" content=\"2024-12-22T12:44:24+00:00\" \/>\n<meta property=\"og:image\" content=\"https:\/\/www.bijoux-pierres-et-bien-etre.com\/wp-content\/uploads\/2024\/06\/Resized_bracelet_bijou_pierre_mineraux_et_bien_etre_bijoux_pierres_magasin_boutique_albert_somm.jpg\" \/>\n\t<meta property=\"og:image:width\" content=\"1072\" \/>\n\t<meta property=\"og:image:height\" content=\"1126\" \/>\n\t<meta property=\"og:image:type\" content=\"image\/jpeg\" \/>\n<meta name=\"twitter:card\" content=\"summary_large_image\" \/>\n<meta name=\"twitter:label1\" content=\"Dur\u00e9e de lecture estim\u00e9e\" \/>\n\t<meta name=\"twitter:data1\" content=\"3 minutes\" \/>\n<script type=\"application\/ld+json\" class=\"yoast-schema-graph\">{\"@context\":\"https:\\\/\\\/schema.org\",\"@graph\":[{\"@type\":\"WebPage\",\"@id\":\"https:\\\/\\\/www.bijoux-pierres-et-bien-etre.com\\\/?page_id=1873\",\"url\":\"https:\\\/\\\/www.bijoux-pierres-et-bien-etre.com\\\/?page_id=1873\",\"name\":\"Cr\u00e9ations \\\"MaLitho\\\" -\",\"isPartOf\":{\"@id\":\"https:\\\/\\\/www.bijoux-pierres-et-bien-etre.com\\\/#website\"},\"primaryImageOfPage\":{\"@id\":\"https:\\\/\\\/www.bijoux-pierres-et-bien-etre.com\\\/?page_id=1873#primaryimage\"},\"image\":{\"@id\":\"https:\\\/\\\/www.bijoux-pierres-et-bien-etre.com\\\/?page_id=1873#primaryimage\"},\"thumbnailUrl\":\"https:\\\/\\\/www.bijoux-pierres-et-bien-etre.com\\\/wp-content\\\/uploads\\\/2024\\\/06\\\/Resized_bracelet_bijou_pierre_mineraux_et_bien_etre_bijoux_pierres_magasin_boutique_albert_somm-975x1024.jpg\",\"datePublished\":\"2024-12-22T12:44:23+00:00\",\"dateModified\":\"2024-12-22T12:44:24+00:00\",\"breadcrumb\":{\"@id\":\"https:\\\/\\\/www.bijoux-pierres-et-bien-etre.com\\\/?page_id=1873#breadcrumb\"},\"inLanguage\":\"fr-FR\",\"potentialAction\":[{\"@type\":\"ReadAction\",\"target\":[\"https:\\\/\\\/www.bijoux-pierres-et-bien-etre.com\\\/?page_id=1873\"]}]},{\"@type\":\"ImageObject\",\"inLanguage\":\"fr-FR\",\"@id\":\"https:\\\/\\\/www.bijoux-pierres-et-bien-etre.com\\\/?page_id=1873#primaryimage\",\"url\":\"https:\\\/\\\/www.bijoux-pierres-et-bien-etre.com\\\/wp-content\\\/uploads\\\/2024\\\/06\\\/Resized_bracelet_bijou_pierre_mineraux_et_bien_etre_bijoux_pierres_magasin_boutique_albert_somm.jpg\",\"contentUrl\":\"https:\\\/\\\/www.bijoux-pierres-et-bien-etre.com\\\/wp-content\\\/uploads\\\/2024\\\/06\\\/Resized_bracelet_bijou_pierre_mineraux_et_bien_etre_bijoux_pierres_magasin_boutique_albert_somm.jpg\",\"width\":1072,\"height\":1126},{\"@type\":\"BreadcrumbList\",\"@id\":\"https:\\\/\\\/www.bijoux-pierres-et-bien-etre.com\\\/?page_id=1873#breadcrumb\",\"itemListElement\":[{\"@type\":\"ListItem\",\"position\":1,\"name\":\"Accueil\",\"item\":\"https:\\\/\\\/www.bijoux-pierres-et-bien-etre.com\\\/\"},{\"@type\":\"ListItem\",\"position\":2,\"name\":\"Cr\u00e9ations \u00ab\u00a0MaLitho\u00a0\u00bb\"}]},{\"@type\":\"WebSite\",\"@id\":\"https:\\\/\\\/www.bijoux-pierres-et-bien-etre.com\\\/#website\",\"url\":\"https:\\\/\\\/www.bijoux-pierres-et-bien-etre.com\\\/\",\"name\":\"LA BOUTIQUE BIJOUX, PIERRES ET BIEN-\u00caTRE.\",\"description\":\"\",\"publisher\":{\"@id\":\"https:\\\/\\\/www.bijoux-pierres-et-bien-etre.com\\\/#organization\"},\"potentialAction\":[{\"@type\":\"SearchAction\",\"target\":{\"@type\":\"EntryPoint\",\"urlTemplate\":\"https:\\\/\\\/www.bijoux-pierres-et-bien-etre.com\\\/?s={search_term_string}\"},\"query-input\":{\"@type\":\"PropertyValueSpecification\",\"valueRequired\":true,\"valueName\":\"search_term_string\"}}],\"inLanguage\":\"fr-FR\"},{\"@type\":\"Organization\",\"@id\":\"https:\\\/\\\/www.bijoux-pierres-et-bien-etre.com\\\/#organization\",\"name\":\"Bijoux, Pierres et Bien-\u00eatre\",\"url\":\"https:\\\/\\\/www.bijoux-pierres-et-bien-etre.com\\\/\",\"logo\":{\"@type\":\"ImageObject\",\"inLanguage\":\"fr-FR\",\"@id\":\"https:\\\/\\\/www.bijoux-pierres-et-bien-etre.com\\\/#\\\/schema\\\/logo\\\/image\\\/\",\"url\":\"https:\\\/\\\/www.bijoux-pierres-et-bien-etre.com\\\/wp-content\\\/uploads\\\/2021\\\/03\\\/logo-transparent-wordpress-1.png\",\"contentUrl\":\"https:\\\/\\\/www.bijoux-pierres-et-bien-etre.com\\\/wp-content\\\/uploads\\\/2021\\\/03\\\/logo-transparent-wordpress-1.png\",\"width\":148,\"height\":200,\"caption\":\"Bijoux, Pierres et Bien-\u00eatre\"},\"image\":{\"@id\":\"https:\\\/\\\/www.bijoux-pierres-et-bien-etre.com\\\/#\\\/schema\\\/logo\\\/image\\\/\"},\"sameAs\":[\"https:\\\/\\\/www.facebook.com\\\/people\\\/Crations-MaLitho-de-chez-Bijoux-pierres-et-bien-tre\\\/100063194591855\\\/\",\"https:\\\/\\\/www.instagram.com\\\/nathaliepascalefourmaux\\\/\"]}]}<\/script>\n<!-- \/ Yoast SEO plugin. -->","yoast_head_json":{"title":"Cr\u00e9ations \"MaLitho\" -","robots":{"index":"index","follow":"follow","max-snippet":"max-snippet:-1","max-image-preview":"max-image-preview:large","max-video-preview":"max-video-preview:-1"},"canonical":"https:\/\/www.bijoux-pierres-et-bien-etre.com\/?page_id=1873","og_locale":"fr_FR","og_type":"article","og_title":"Cr\u00e9ations \"MaLitho\" -","og_description":"D\u00e9couvrez sur cette page les bijoux faits soigneusement et artisanalement \u00e0 la main sur mesures cr\u00e9ations \u00ab MaLitho \u00bb de chez Bijoux, pierres et bien-\u00eatre en pierres, min\u00e9raux et perles fines 100% naturelles. D\u00e9couvrez \u00e9galement les bijoux pr\u00eat \u00e0 porter.N\u2019h\u00e9sitez pas \u00e0 me contacter uniquement par t\u00e9l\u00e9phone (voir contact) si vous souhaitez que je vous cr\u00e9e un mod\u00e8le unique suivant [&hellip;]","og_url":"https:\/\/www.bijoux-pierres-et-bien-etre.com\/?page_id=1873","article_publisher":"https:\/\/www.facebook.com\/people\/Crations-MaLitho-de-chez-Bijoux-pierres-et-bien-tre\/100063194591855\/","article_modified_time":"2024-12-22T12:44:24+00:00","og_image":[{"width":1072,"height":1126,"url":"https:\/\/www.bijoux-pierres-et-bien-etre.com\/wp-content\/uploads\/2024\/06\/Resized_bracelet_bijou_pierre_mineraux_et_bien_etre_bijoux_pierres_magasin_boutique_albert_somm.jpg","type":"image\/jpeg"}],"twitter_card":"summary_large_image","twitter_misc":{"Dur\u00e9e de lecture estim\u00e9e":"3 minutes"},"schema":{"@context":"https:\/\/schema.org","@graph":[{"@type":"WebPage","@id":"https:\/\/www.bijoux-pierres-et-bien-etre.com\/?page_id=1873","url":"https:\/\/www.bijoux-pierres-et-bien-etre.com\/?page_id=1873","name":"Cr\u00e9ations \"MaLitho\" -","isPartOf":{"@id":"https:\/\/www.bijoux-pierres-et-bien-etre.com\/#website"},"primaryImageOfPage":{"@id":"https:\/\/www.bijoux-pierres-et-bien-etre.com\/?page_id=1873#primaryimage"},"image":{"@id":"https:\/\/www.bijoux-pierres-et-bien-etre.com\/?page_id=1873#primaryimage"},"thumbnailUrl":"https:\/\/www.bijoux-pierres-et-bien-etre.com\/wp-content\/uploads\/2024\/06\/Resized_bracelet_bijou_pierre_mineraux_et_bien_etre_bijoux_pierres_magasin_boutique_albert_somm-975x1024.jpg","datePublished":"2024-12-22T12:44:23+00:00","dateModified":"2024-12-22T12:44:24+00:00","breadcrumb":{"@id":"https:\/\/www.bijoux-pierres-et-bien-etre.com\/?page_id=1873#breadcrumb"},"inLanguage":"fr-FR","potentialAction":[{"@type":"ReadAction","target":["https:\/\/www.bijoux-pierres-et-bien-etre.com\/?page_id=1873"]}]},{"@type":"ImageObject","inLanguage":"fr-FR","@id":"https:\/\/www.bijoux-pierres-et-bien-etre.com\/?page_id=1873#primaryimage","url":"https:\/\/www.bijoux-pierres-et-bien-etre.com\/wp-content\/uploads\/2024\/06\/Resized_bracelet_bijou_pierre_mineraux_et_bien_etre_bijoux_pierres_magasin_boutique_albert_somm.jpg","contentUrl":"https:\/\/www.bijoux-pierres-et-bien-etre.com\/wp-content\/uploads\/2024\/06\/Resized_bracelet_bijou_pierre_mineraux_et_bien_etre_bijoux_pierres_magasin_boutique_albert_somm.jpg","width":1072,"height":1126},{"@type":"BreadcrumbList","@id":"https:\/\/www.bijoux-pierres-et-bien-etre.com\/?page_id=1873#breadcrumb","itemListElement":[{"@type":"ListItem","position":1,"name":"Accueil","item":"https:\/\/www.bijoux-pierres-et-bien-etre.com\/"},{"@type":"ListItem","position":2,"name":"Cr\u00e9ations \u00ab\u00a0MaLitho\u00a0\u00bb"}]},{"@type":"WebSite","@id":"https:\/\/www.bijoux-pierres-et-bien-etre.com\/#website","url":"https:\/\/www.bijoux-pierres-et-bien-etre.com\/","name":"LA BOUTIQUE BIJOUX, PIERRES ET BIEN-\u00caTRE.","description":"","publisher":{"@id":"https:\/\/www.bijoux-pierres-et-bien-etre.com\/#organization"},"potentialAction":[{"@type":"SearchAction","target":{"@type":"EntryPoint","urlTemplate":"https:\/\/www.bijoux-pierres-et-bien-etre.com\/?s={search_term_string}"},"query-input":{"@type":"PropertyValueSpecification","valueRequired":true,"valueName":"search_term_string"}}],"inLanguage":"fr-FR"},{"@type":"Organization","@id":"https:\/\/www.bijoux-pierres-et-bien-etre.com\/#organization","name":"Bijoux, Pierres et Bien-\u00eatre","url":"https:\/\/www.bijoux-pierres-et-bien-etre.com\/","logo":{"@type":"ImageObject","inLanguage":"fr-FR","@id":"https:\/\/www.bijoux-pierres-et-bien-etre.com\/#\/schema\/logo\/image\/","url":"https:\/\/www.bijoux-pierres-et-bien-etre.com\/wp-content\/uploads\/2021\/03\/logo-transparent-wordpress-1.png","contentUrl":"https:\/\/www.bijoux-pierres-et-bien-etre.com\/wp-content\/uploads\/2021\/03\/logo-transparent-wordpress-1.png","width":148,"height":200,"caption":"Bijoux, Pierres et Bien-\u00eatre"},"image":{"@id":"https:\/\/www.bijoux-pierres-et-bien-etre.com\/#\/schema\/logo\/image\/"},"sameAs":["https:\/\/www.facebook.com\/people\/Crations-MaLitho-de-chez-Bijoux-pierres-et-bien-tre\/100063194591855\/","https:\/\/www.instagram.com\/nathaliepascalefourmaux\/"]}]}},"jetpack-related-posts":[],"jetpack_sharing_enabled":true,"_links":{"self":[{"href":"https:\/\/www.bijoux-pierres-et-bien-etre.com\/index.php?rest_route=\/wp\/v2\/pages\/1873","targetHints":{"allow":["GET"]}}],"collection":[{"href":"https:\/\/www.bijoux-pierres-et-bien-etre.com\/index.php?rest_route=\/wp\/v2\/pages"}],"about":[{"href":"https:\/\/www.bijoux-pierres-et-bien-etre.com\/index.php?rest_route=\/wp\/v2\/types\/page"}],"author":[{"embeddable":true,"href":"https:\/\/www.bijoux-pierres-et-bien-etre.com\/index.php?rest_route=\/wp\/v2\/users\/1"}],"replies":[{"embeddable":true,"href":"https:\/\/www.bijoux-pierres-et-bien-etre.com\/index.php?rest_route=%2Fwp%2Fv2%2Fcomments&post=1873"}],"version-history":[{"count":1,"href":"https:\/\/www.bijoux-pierres-et-bien-etre.com\/index.php?rest_route=\/wp\/v2\/pages\/1873\/revisions"}],"predecessor-version":[{"id":1875,"href":"https:\/\/www.bijoux-pierres-et-bien-etre.com\/index.php?rest_route=\/wp\/v2\/pages\/1873\/revisions\/1875"}],"wp:attachment":[{"href":"https:\/\/www.bijoux-pierres-et-bien-etre.com\/index.php?rest_route=%2Fwp%2Fv2%2Fmedia&parent=1873"}],"curies":[{"name":"wp","href":"https:\/\/api.w.org\/{rel}","templated":true}]}}